{"id":1357,"date":"2022-11-29T10:36:50","date_gmt":"2022-11-29T10:36:50","guid":{"rendered":"https:\/\/federeso.llet.ch\/membri\/"},"modified":"2025-10-22T07:06:52","modified_gmt":"2025-10-22T07:06:52","slug":"membri","status":"publish","type":"page","link":"https:\/\/federeso.ch\/it\/membri\/","title":{"rendered":"Membri"},"content":{"rendered":"\t\t<div data-elementor-type=\"wp-page\" data-elementor-id=\"1357\" class=\"elementor elementor-1357 elementor-971\" data-elementor-post-type=\"page\">\n\t\t\t\t\t\t<section class=\"elementor-section elementor-top-section elementor-element elementor-element-112c823 elementor-section-height-min-height elementor-section-stretched elementor-section-boxed elementor-section-height-default elementor-section-items-middle\" data-id=\"112c823\" data-element_type=\"section\" data-e-type=\"section\" data-settings=\"{&quot;stretch_section&quot;:&quot;section-stretched&quot;,&quot;background_background&quot;:&quot;classic&quot;,&quot;background_motion_fx_motion_fx_scrolling&quot;:&quot;yes&quot;,&quot;background_motion_fx_translateY_effect&quot;:&quot;yes&quot;,&quot;background_motion_fx_translateY_speed&quot;:{&quot;unit&quot;:&quot;px&quot;,&quot;size&quot;:7.4,&quot;sizes&quot;:[]},&quot;background_motion_fx_translateY_affectedRange&quot;:{&quot;unit&quot;:&quot;%&quot;,&quot;size&quot;:&quot;&quot;,&quot;sizes&quot;:{&quot;start&quot;:0,&quot;end&quot;:100}},&quot;background_motion_fx_devices&quot;:[&quot;desktop&quot;,&quot;tablet&quot;,&quot;mobile&quot;]}\">\n\t\t\t\t\t\t\t<div class=\"elementor-background-overlay\"><\/div>\n\t\t\t\t\t\t\t<div class=\"elementor-container elementor-column-gap-default\">\n\t\t\t\t\t<div class=\"elementor-column elementor-col-100 elementor-top-column elementor-element elementor-element-5837b64\" data-id=\"5837b64\" data-element_type=\"column\" data-e-type=\"column\">\n\t\t\t<div class=\"elementor-widget-wrap elementor-element-populated\">\n\t\t\t\t\t\t<div class=\"elementor-element elementor-element-59a133b elementor-widget elementor-widget-heading\" data-id=\"59a133b\" data-element_type=\"widget\" data-e-type=\"widget\" data-widget_type=\"heading.default\">\n\t\t\t\t<div class=\"elementor-widget-container\">\n\t\t\t\t\t<h1 class=\"elementor-heading-title elementor-size-default\">Federazioni cantonali membri di FEDERESO<\/h1>\t\t\t\t<\/div>\n\t\t\t\t<\/div>\n\t\t\t\t\t<\/div>\n\t\t<\/div>\n\t\t\t\t\t<\/div>\n\t\t<\/section>\n\t\t\t\t<section class=\"elementor-section elementor-top-section elementor-element elementor-element-747f9d7 elementor-section-full_width elementor-section-stretched elementor-section-height-default elementor-section-height-default\" data-id=\"747f9d7\" data-element_type=\"section\" data-e-type=\"section\" data-settings=\"{&quot;stretch_section&quot;:&quot;section-stretched&quot;}\">\n\t\t\t\t\t\t<div class=\"elementor-container elementor-column-gap-default\">\n\t\t\t\t\t<div class=\"elementor-column elementor-col-100 elementor-top-column elementor-element elementor-element-85537e5\" data-id=\"85537e5\" data-element_type=\"column\" data-e-type=\"column\">\n\t\t\t<div class=\"elementor-widget-wrap elementor-element-populated\">\n\t\t\t\t\t\t<div class=\"elementor-element elementor-element-7b93b91 elementor-widget elementor-widget-text-editor\" data-id=\"7b93b91\" data-element_type=\"widget\" data-e-type=\"widget\" data-widget_type=\"text-editor.default\">\n\t\t\t\t<div class=\"elementor-widget-container\">\n\t\t\t\t\t\t\t\t\t<p>Berna &#8211; Svizzera \/ \u00a9 Servizi del Parlamento \/ Rob Lewis<\/p>\t\t\t\t\t\t\t\t<\/div>\n\t\t\t\t<\/div>\n\t\t\t\t\t<\/div>\n\t\t<\/div>\n\t\t\t\t\t<\/div>\n\t\t<\/section>\n\t\t\t\t<section class=\"elementor-section elementor-top-section elementor-element elementor-element-330d4e5 elementor-section-boxed elementor-section-height-default elementor-section-height-default\" data-id=\"330d4e5\" data-element_type=\"section\" data-e-type=\"section\">\n\t\t\t\t\t\t<div class=\"elementor-container elementor-column-gap-default\">\n\t\t\t\t\t<div class=\"elementor-column elementor-col-100 elementor-top-column elementor-element elementor-element-ed42b9c\" data-id=\"ed42b9c\" data-element_type=\"column\" data-e-type=\"column\">\n\t\t\t<div class=\"elementor-widget-wrap elementor-element-populated\">\n\t\t\t\t\t\t<div class=\"elementor-element elementor-element-a00a39a elementor-widget elementor-widget-text-editor\" data-id=\"a00a39a\" data-element_type=\"widget\" data-e-type=\"widget\" data-widget_type=\"text-editor.default\">\n\t\t\t\t<div class=\"elementor-widget-container\">\n\t\t\t\t\t\t\t\t\t<p>Nella Svizzera latina, ogni cantone ha una federazione cantonale per la cooperazione internazionale. L&#8217;obiettivo comune di queste federazioni \u00e8 promuovere la qualit\u00e0 della cooperazione internazionale in Svizzera e nei Paesi di intervento del Sud e dell&#8217;Est. Esse fungono da interfaccia tra le organizzazioni che ne fanno parte e gli enti pubblici &#8211; comuni, cantoni e la Confederazione tramite la Direzione dello sviluppo e della cooperazione (DSC) &#8211; ma talvolta anche le imprese, le universit\u00e0 e le scuole superiori.<\/p>\t\t\t\t\t\t\t\t<\/div>\n\t\t\t\t<\/div>\n\t\t\t\t<section class=\"elementor-section elementor-inner-section elementor-element elementor-element-23c09df elementor-section-boxed elementor-section-height-default elementor-section-height-default\" data-id=\"23c09df\" data-element_type=\"section\" data-e-type=\"section\">\n\t\t\t\t\t\t<div class=\"elementor-container elementor-column-gap-default\">\n\t\t\t\t\t<div class=\"elementor-column elementor-col-50 elementor-inner-column elementor-element elementor-element-8154134\" data-id=\"8154134\" data-element_type=\"column\" data-e-type=\"column\">\n\t\t\t<div class=\"elementor-widget-wrap elementor-element-populated\">\n\t\t\t\t\t\t<div class=\"elementor-element elementor-element-28c59c7 elementor-widget elementor-widget-text-editor\" data-id=\"28c59c7\" data-element_type=\"widget\" data-e-type=\"widget\" data-widget_type=\"text-editor.default\">\n\t\t\t\t<div class=\"elementor-widget-container\">\n\t\t\t\t\t\t\t\t\t<p>Le federazioni cantonali :<\/p>\t\t\t\t\t\t\t\t<\/div>\n\t\t\t\t<\/div>\n\t\t\t\t\t<\/div>\n\t\t<\/div>\n\t\t\t\t<div class=\"elementor-column elementor-col-50 elementor-inner-column elementor-element elementor-element-2b174d2\" data-id=\"2b174d2\" data-element_type=\"column\" data-e-type=\"column\">\n\t\t\t<div class=\"elementor-widget-wrap elementor-element-populated\">\n\t\t\t\t\t\t<div class=\"elementor-element elementor-element-db3e365 elementor-align-start elementor-widget__width-initial elementor-icon-list--layout-traditional elementor-list-item-link-full_width elementor-widget elementor-widget-icon-list\" data-id=\"db3e365\" data-element_type=\"widget\" data-e-type=\"widget\" data-widget_type=\"icon-list.default\">\n\t\t\t\t<div class=\"elementor-widget-container\">\n\t\t\t\t\t\t\t<ul class=\"elementor-icon-list-items\">\n\t\t\t\t\t\t\t<li class=\"elementor-icon-list-item\">\n\t\t\t\t\t\t\t\t\t\t\t<span class=\"elementor-icon-list-icon\">\n\t\t\t\t\t\t\t<i aria-hidden=\"true\" class=\"fas fa-check\"><\/i>\t\t\t\t\t\t<\/span>\n\t\t\t\t\t\t\t\t\t\t<span class=\"elementor-icon-list-text\">garantiscono la qualit\u00e0 e la pertinenza dei progetti delle loro organizzazioni membri che vengono cofinanziati<\/span>\n\t\t\t\t\t\t\t\t\t<\/li>\n\t\t\t\t\t\t\t\t<li class=\"elementor-icon-list-item\">\n\t\t\t\t\t\t\t\t\t\t\t<span class=\"elementor-icon-list-icon\">\n\t\t\t\t\t\t\t<i aria-hidden=\"true\" class=\"fas fa-check\"><\/i>\t\t\t\t\t\t<\/span>\n\t\t\t\t\t\t\t\t\t\t<span class=\"elementor-icon-list-text\">mobilitano risorse finanziarie supplementari per la cooperazione internazionale<\/span>\n\t\t\t\t\t\t\t\t\t<\/li>\n\t\t\t\t\t\t\t\t<li class=\"elementor-icon-list-item\">\n\t\t\t\t\t\t\t\t\t\t\t<span class=\"elementor-icon-list-icon\">\n\t\t\t\t\t\t\t<i aria-hidden=\"true\" class=\"fas fa-check\"><\/i>\t\t\t\t\t\t<\/span>\n\t\t\t\t\t\t\t\t\t\t<span class=\"elementor-icon-list-text\">contribuiscono alla professionalizzazione delle loro organizzazioni membri<\/span>\n\t\t\t\t\t\t\t\t\t<\/li>\n\t\t\t\t\t\t\t\t<li class=\"elementor-icon-list-item\">\n\t\t\t\t\t\t\t\t\t\t\t<span class=\"elementor-icon-list-icon\">\n\t\t\t\t\t\t\t<i aria-hidden=\"true\" class=\"fas fa-check\"><\/i>\t\t\t\t\t\t<\/span>\n\t\t\t\t\t\t\t\t\t\t<span class=\"elementor-icon-list-text\">diffondono informazioni di qualit\u00e0 su temi legati alla cooperazione internazionale e allo sviluppo sostenibile<\/span>\n\t\t\t\t\t\t\t\t\t<\/li>\n\t\t\t\t\t\t<\/ul>\n\t\t\t\t\t\t<\/div>\n\t\t\t\t<\/div>\n\t\t\t\t\t<\/div>\n\t\t<\/div>\n\t\t\t\t\t<\/div>\n\t\t<\/section>\n\t\t\t\t<div class=\"elementor-element elementor-element-be46753 elementor-widget elementor-widget-text-editor\" data-id=\"be46753\" data-element_type=\"widget\" data-e-type=\"widget\" data-widget_type=\"text-editor.default\">\n\t\t\t\t<div class=\"elementor-widget-container\">\n\t\t\t\t\t\t\t\t\t<p>Le loro attivit\u00e0 si fondano su relazioni basate sui valori del partenariato, del rispetto, della fiducia e della responsabilit\u00e0.<\/p>\t\t\t\t\t\t\t\t<\/div>\n\t\t\t\t<\/div>\n\t\t\t\t\t<\/div>\n\t\t<\/div>\n\t\t\t\t\t<\/div>\n\t\t<\/section>\n\t\t\t\t<section class=\"elementor-section elementor-top-section elementor-element elementor-element-661538e elementor-section-content-bottom elementor-section-boxed elementor-section-height-default elementor-section-height-default\" data-id=\"661538e\" data-element_type=\"section\" data-e-type=\"section\">\n\t\t\t\t\t\t<div class=\"elementor-container elementor-column-gap-default\">\n\t\t\t\t\t<div class=\"elementor-column elementor-col-50 elementor-top-column elementor-element elementor-element-7425e84\" data-id=\"7425e84\" data-element_type=\"column\" data-e-type=\"column\">\n\t\t\t<div class=\"elementor-widget-wrap elementor-element-populated\">\n\t\t\t\t\t\t<div class=\"elementor-element elementor-element-2069316 e-transform elementor-widget elementor-widget-image\" data-id=\"2069316\" data-element_type=\"widget\" data-e-type=\"widget\" data-settings=\"{&quot;_transform_scale_effect_hover&quot;:{&quot;unit&quot;:&quot;px&quot;,&quot;size&quot;:1.1,&quot;sizes&quot;:[]},&quot;_transform_scale_effect_hover_tablet&quot;:{&quot;unit&quot;:&quot;px&quot;,&quot;size&quot;:&quot;&quot;,&quot;sizes&quot;:[]},&quot;_transform_scale_effect_hover_mobile&quot;:{&quot;unit&quot;:&quot;px&quot;,&quot;size&quot;:&quot;&quot;,&quot;sizes&quot;:[]}}\" data-widget_type=\"image.default\">\n\t\t\t\t<div class=\"elementor-widget-container\">\n\t\t\t\t\t\t\t\t\t\t\t\t\t\t\t\t<a href=\"https:\/\/www.fosit.ch\/\" target=\"_blank\">\n\t\t\t\t\t\t\t<img decoding=\"async\" src=\"https:\/\/federeso.ch\/wp-content\/uploads\/elementor\/thumbs\/logo_FOSIT-1-scaled-qht0s39h5r5houkinpjdh7qyiinfv7l9bk8yl5k1z4.jpg\" title=\"_logo_FOSIT-1\" alt=\"_logo_FOSIT-1\" loading=\"lazy\" \/>\t\t\t\t\t\t\t\t<\/a>\n\t\t\t\t\t\t\t\t\t\t\t\t\t\t\t<\/div>\n\t\t\t\t<\/div>\n\t\t\t\t\t<\/div>\n\t\t<\/div>\n\t\t\t\t<div class=\"elementor-column elementor-col-50 elementor-top-column elementor-element elementor-element-2c1dd23\" data-id=\"2c1dd23\" data-element_type=\"column\" data-e-type=\"column\">\n\t\t\t<div class=\"elementor-widget-wrap elementor-element-populated\">\n\t\t\t\t\t\t<div class=\"elementor-element elementor-element-3e03729 elementor-widget elementor-widget-text-editor\" data-id=\"3e03729\" data-element_type=\"widget\" data-e-type=\"widget\" data-widget_type=\"text-editor.default\">\n\t\t\t\t<div class=\"elementor-widget-container\">\n\t\t\t\t\t\t\t\t\t<p>La FOSIT \u00e8 una rete di 56 ONG e un polo di competenze per la cooperazione internazionale nella Svizzera italiana, per i cantoni Ticino e Grigioni. Dal 1999 promuove la qualit\u00e0 istituzionale e operativa dei suoi membri, sensibilizza l&#8217;opinione pubblica su temi di cooperazione allo sviluppo e aiuto umanitario, offre attivit\u00e0 di formazione e consulenza e sviluppa partenariati per il sostegno finanziario a progetti nei paesi del Sud.<\/p>\t\t\t\t\t\t\t\t<\/div>\n\t\t\t\t<\/div>\n\t\t\t\t\t<\/div>\n\t\t<\/div>\n\t\t\t\t\t<\/div>\n\t\t<\/section>\n\t\t\t\t<section class=\"elementor-section elementor-top-section elementor-element elementor-element-c23d54f elementor-section-content-bottom elementor-section-boxed elementor-section-height-default elementor-section-height-default\" data-id=\"c23d54f\" data-element_type=\"section\" data-e-type=\"section\">\n\t\t\t\t\t\t<div class=\"elementor-container elementor-column-gap-default\">\n\t\t\t\t\t<div class=\"elementor-column elementor-col-50 elementor-top-column elementor-element elementor-element-b4bb364\" data-id=\"b4bb364\" data-element_type=\"column\" data-e-type=\"column\">\n\t\t\t<div class=\"elementor-widget-wrap elementor-element-populated\">\n\t\t\t\t\t\t<div class=\"elementor-element elementor-element-202b054 e-transform elementor-widget elementor-widget-image\" data-id=\"202b054\" data-element_type=\"widget\" data-e-type=\"widget\" data-settings=\"{&quot;_transform_scale_effect_hover&quot;:{&quot;unit&quot;:&quot;px&quot;,&quot;size&quot;:1.1,&quot;sizes&quot;:[]},&quot;_transform_scale_effect_hover_tablet&quot;:{&quot;unit&quot;:&quot;px&quot;,&quot;size&quot;:&quot;&quot;,&quot;sizes&quot;:[]},&quot;_transform_scale_effect_hover_mobile&quot;:{&quot;unit&quot;:&quot;px&quot;,&quot;size&quot;:&quot;&quot;,&quot;sizes&quot;:[]}}\" data-widget_type=\"image.default\">\n\t\t\t\t<div class=\"elementor-widget-container\">\n\t\t\t\t\t\t\t\t\t\t\t\t\t\t\t\t<a href=\"https:\/\/www.fribourg-solidaire.ch\/\" target=\"_blank\">\n\t\t\t\t\t\t\t<img decoding=\"async\" src=\"https:\/\/federeso.ch\/wp-content\/uploads\/elementor\/thumbs\/fs-logo-qcfza174nwrykjyt5mzqgaamrk61535xhcj4hezjls.png\" title=\"fs-logo\" alt=\"fs-logo\" loading=\"lazy\" \/>\t\t\t\t\t\t\t\t<\/a>\n\t\t\t\t\t\t\t\t\t\t\t\t\t\t\t<\/div>\n\t\t\t\t<\/div>\n\t\t\t\t\t<\/div>\n\t\t<\/div>\n\t\t\t\t<div class=\"elementor-column elementor-col-50 elementor-top-column elementor-element elementor-element-df02aa4\" data-id=\"df02aa4\" data-element_type=\"column\" data-e-type=\"column\">\n\t\t\t<div class=\"elementor-widget-wrap elementor-element-populated\">\n\t\t\t\t\t\t<div class=\"elementor-element elementor-element-c5c354d elementor-widget elementor-widget-text-editor\" data-id=\"c5c354d\" data-element_type=\"widget\" data-e-type=\"widget\" data-widget_type=\"text-editor.default\">\n\t\t\t\t<div class=\"elementor-widget-container\">\n\t\t\t\t\t\t\t\t\t<p>Fribourg-Solidaire riunisce ONG che collaborano attivamente in vari paesi del Sud. Le loro attivit\u00e0 contribuiscono alla giustizia sociale, alla promozione dei diritti umani e allo sviluppo sostenibile. La federazione gestisce la sua rete di partner e sensibilizza la popolazione friburghese.<\/p>\t\t\t\t\t\t\t\t<\/div>\n\t\t\t\t<\/div>\n\t\t\t\t\t<\/div>\n\t\t<\/div>\n\t\t\t\t\t<\/div>\n\t\t<\/section>\n\t\t\t\t<section class=\"elementor-section elementor-top-section elementor-element elementor-element-24488c11 elementor-section-content-bottom elementor-section-boxed elementor-section-height-default elementor-section-height-default\" data-id=\"24488c11\" data-element_type=\"section\" data-e-type=\"section\">\n\t\t\t\t\t\t<div class=\"elementor-container elementor-column-gap-default\">\n\t\t\t\t\t<div class=\"elementor-column elementor-col-50 elementor-top-column elementor-element elementor-element-ca13adb\" data-id=\"ca13adb\" data-element_type=\"column\" data-e-type=\"column\">\n\t\t\t<div class=\"elementor-widget-wrap elementor-element-populated\">\n\t\t\t\t\t\t<div class=\"elementor-element elementor-element-438f589 e-transform elementor-widget elementor-widget-image\" data-id=\"438f589\" data-element_type=\"widget\" data-e-type=\"widget\" data-settings=\"{&quot;_transform_scale_effect_hover&quot;:{&quot;unit&quot;:&quot;px&quot;,&quot;size&quot;:1.1,&quot;sizes&quot;:[]},&quot;_transform_scale_effect_hover_tablet&quot;:{&quot;unit&quot;:&quot;px&quot;,&quot;size&quot;:&quot;&quot;,&quot;sizes&quot;:[]},&quot;_transform_scale_effect_hover_mobile&quot;:{&quot;unit&quot;:&quot;px&quot;,&quot;size&quot;:&quot;&quot;,&quot;sizes&quot;:[]}}\" data-widget_type=\"image.default\">\n\t\t\t\t<div class=\"elementor-widget-container\">\n\t\t\t\t\t\t\t\t\t\t\t\t\t\t\t\t<a href=\"http:\/\/fgc.ch\" target=\"_blank\">\n\t\t\t\t\t\t\t<img decoding=\"async\" src=\"https:\/\/federeso.ch\/wp-content\/uploads\/elementor\/thumbs\/Logo-FGC-avec-qgetze8icdv9fzm9zs5j30mp1boa70nqi7myarz3ls.jpg\" title=\"Logo FGC avec\" alt=\"Logo FGC avec\" loading=\"lazy\" \/>\t\t\t\t\t\t\t\t<\/a>\n\t\t\t\t\t\t\t\t\t\t\t\t\t\t\t<\/div>\n\t\t\t\t<\/div>\n\t\t\t\t\t<\/div>\n\t\t<\/div>\n\t\t\t\t<div class=\"elementor-column elementor-col-50 elementor-top-column elementor-element elementor-element-1a29d49\" data-id=\"1a29d49\" data-element_type=\"column\" data-e-type=\"column\">\n\t\t\t<div class=\"elementor-widget-wrap elementor-element-populated\">\n\t\t\t\t\t\t<div class=\"elementor-element elementor-element-68bddcb elementor-widget elementor-widget-text-editor\" data-id=\"68bddcb\" data-element_type=\"widget\" data-e-type=\"widget\" data-widget_type=\"text-editor.default\">\n\t\t\t\t<div class=\"elementor-widget-container\">\n\t\t\t\t\t\t\t\t\t<p>Creata nel 1966, la FGC riunisce una sessantina di ONG ginevrine. Contribuisce alla realizzazione dell&#8217;Agenda 2030 nel campo della cooperazione internazionale finanziando progetti di sviluppo, scambio di conoscenze e informazione, oltre a sensibilizzare l&#8217;opinione pubblica sulle sfide globali.<\/p>\n\t\t\t\t\t\t\t\t<\/div>\n\t\t\t\t<\/div>\n\t\t\t\t\t<\/div>\n\t\t<\/div>\n\t\t\t\t\t<\/div>\n\t\t<\/section>\n\t\t\t\t<section class=\"elementor-section elementor-top-section elementor-element elementor-element-f80c771 elementor-section-content-bottom elementor-section-boxed elementor-section-height-default elementor-section-height-default\" data-id=\"f80c771\" data-element_type=\"section\" data-e-type=\"section\">\n\t\t\t\t\t\t<div class=\"elementor-container elementor-column-gap-default\">\n\t\t\t\t\t<div class=\"elementor-column elementor-col-50 elementor-top-column elementor-element elementor-element-d939795\" data-id=\"d939795\" data-element_type=\"column\" data-e-type=\"column\">\n\t\t\t<div class=\"elementor-widget-wrap elementor-element-populated\">\n\t\t\t\t\t\t<div class=\"elementor-element elementor-element-a3c1428 e-transform elementor-widget elementor-widget-image\" data-id=\"a3c1428\" data-element_type=\"widget\" data-e-type=\"widget\" data-settings=\"{&quot;_transform_scale_effect_hover&quot;:{&quot;unit&quot;:&quot;px&quot;,&quot;size&quot;:1.1,&quot;sizes&quot;:[]},&quot;_transform_scale_effect_hover_tablet&quot;:{&quot;unit&quot;:&quot;px&quot;,&quot;size&quot;:&quot;&quot;,&quot;sizes&quot;:[]},&quot;_transform_scale_effect_hover_mobile&quot;:{&quot;unit&quot;:&quot;px&quot;,&quot;size&quot;:&quot;&quot;,&quot;sizes&quot;:[]}}\" data-widget_type=\"image.default\">\n\t\t\t\t<div class=\"elementor-widget-container\">\n\t\t\t\t\t\t\t\t\t\t\t\t\t\t\t\t<a href=\"https:\/\/ficd.ch\/\" target=\"_blank\">\n\t\t\t\t\t\t\t<img decoding=\"async\" src=\"https:\/\/federeso.ch\/wp-content\/uploads\/elementor\/thumbs\/585850-qdy3n59qteo7wk34biquzf4u87jr9wisbmi83c25fk.jpg\" title=\"585850\" alt=\"585850\" loading=\"lazy\" \/>\t\t\t\t\t\t\t\t<\/a>\n\t\t\t\t\t\t\t\t\t\t\t\t\t\t\t<\/div>\n\t\t\t\t<\/div>\n\t\t\t\t\t<\/div>\n\t\t<\/div>\n\t\t\t\t<div class=\"elementor-column elementor-col-50 elementor-top-column elementor-element elementor-element-04d5142\" data-id=\"04d5142\" data-element_type=\"column\" data-e-type=\"column\">\n\t\t\t<div class=\"elementor-widget-wrap elementor-element-populated\">\n\t\t\t\t\t\t<div class=\"elementor-element elementor-element-5757b01 elementor-widget elementor-widget-text-editor\" data-id=\"5757b01\" data-element_type=\"widget\" data-e-type=\"widget\" data-widget_type=\"text-editor.default\">\n\t\t\t\t<div class=\"elementor-widget-container\">\n\t\t\t\t\t\t\t\t\t<p>La FICD riunisce organizzazioni attive nella cooperazione allo sviluppo con sede nel Giura, nel Giura bernese e nel distretto di Bienne. Essendo un&#8217;interfaccia tra gli enti pubblici e i membri, la FICD garantisce la qualit\u00e0 dei loro progetti e assicura un uso ottimale e trasparente dei fondi.<\/p>\n\t\t\t\t\t\t\t\t<\/div>\n\t\t\t\t<\/div>\n\t\t\t\t\t<\/div>\n\t\t<\/div>\n\t\t\t\t\t<\/div>\n\t\t<\/section>\n\t\t\t\t<section class=\"elementor-section elementor-top-section elementor-element elementor-element-4ecebf7 elementor-section-content-bottom elementor-section-boxed elementor-section-height-default elementor-section-height-default\" data-id=\"4ecebf7\" data-element_type=\"section\" data-e-type=\"section\">\n\t\t\t\t\t\t<div class=\"elementor-container elementor-column-gap-default\">\n\t\t\t\t\t<div class=\"elementor-column elementor-col-50 elementor-top-column elementor-element elementor-element-82fb47e\" data-id=\"82fb47e\" data-element_type=\"column\" data-e-type=\"column\">\n\t\t\t<div class=\"elementor-widget-wrap elementor-element-populated\">\n\t\t\t\t\t\t<div class=\"elementor-element elementor-element-f77f112 e-transform elementor-widget elementor-widget-image\" data-id=\"f77f112\" data-element_type=\"widget\" data-e-type=\"widget\" data-settings=\"{&quot;_transform_scale_effect_hover&quot;:{&quot;unit&quot;:&quot;px&quot;,&quot;size&quot;:1.1,&quot;sizes&quot;:[]},&quot;_transform_scale_effect_hover_tablet&quot;:{&quot;unit&quot;:&quot;px&quot;,&quot;size&quot;:&quot;&quot;,&quot;sizes&quot;:[]},&quot;_transform_scale_effect_hover_mobile&quot;:{&quot;unit&quot;:&quot;px&quot;,&quot;size&quot;:&quot;&quot;,&quot;sizes&quot;:[]}}\" data-widget_type=\"image.default\">\n\t\t\t\t<div class=\"elementor-widget-container\">\n\t\t\t\t\t\t\t\t\t\t\t\t\t\t\t\t<a href=\"https:\/\/www.latitude21.ch\/\" target=\"_blank\">\n\t\t\t\t\t\t\t<img fetchpriority=\"high\" decoding=\"async\" width=\"690\" height=\"89\" src=\"https:\/\/federeso.ch\/wp-content\/uploads\/2022\/11\/latitude21.png\" class=\"attachment-medium_large size-medium_large wp-image-1306\" alt=\"\" srcset=\"https:\/\/federeso.ch\/wp-content\/uploads\/2022\/11\/latitude21.png 690w, https:\/\/federeso.ch\/wp-content\/uploads\/2022\/11\/latitude21-300x39.png 300w\" sizes=\"(max-width: 690px) 100vw, 690px\" \/>\t\t\t\t\t\t\t\t<\/a>\n\t\t\t\t\t\t\t\t\t\t\t\t\t\t\t<\/div>\n\t\t\t\t<\/div>\n\t\t\t\t\t<\/div>\n\t\t<\/div>\n\t\t\t\t<div class=\"elementor-column elementor-col-50 elementor-top-column elementor-element elementor-element-f9de3b4\" data-id=\"f9de3b4\" data-element_type=\"column\" data-e-type=\"column\">\n\t\t\t<div class=\"elementor-widget-wrap elementor-element-populated\">\n\t\t\t\t\t\t<div class=\"elementor-element elementor-element-4963364 elementor-widget elementor-widget-text-editor\" data-id=\"4963364\" data-element_type=\"widget\" data-e-type=\"widget\" data-widget_type=\"text-editor.default\">\n\t\t\t\t<div class=\"elementor-widget-container\">\n\t\t\t\t\t\t\t\t\t<p>Latitude 21 \u00e8 la federazione del cantone di Neuch\u00e2tel per la cooperazione allo sviluppo. Creata nel 2008, riunisce una ventina di ONG che operano nei Paesi del Sud. Latitude 21 si occupa anche di sensibilizzare la popolazione locale sul tema dello sviluppo sostenibile.<\/p>\t\t\t\t\t\t\t\t<\/div>\n\t\t\t\t<\/div>\n\t\t\t\t\t<\/div>\n\t\t<\/div>\n\t\t\t\t\t<\/div>\n\t\t<\/section>\n\t\t\t\t<section class=\"elementor-section elementor-top-section elementor-element elementor-element-34a8632 elementor-section-content-bottom elementor-section-boxed elementor-section-height-default elementor-section-height-default\" data-id=\"34a8632\" data-element_type=\"section\" data-e-type=\"section\">\n\t\t\t\t\t\t<div class=\"elementor-container elementor-column-gap-default\">\n\t\t\t\t\t<div class=\"elementor-column elementor-col-50 elementor-top-column elementor-element elementor-element-f81a730\" data-id=\"f81a730\" data-element_type=\"column\" data-e-type=\"column\">\n\t\t\t<div class=\"elementor-widget-wrap elementor-element-populated\">\n\t\t\t\t\t\t<div class=\"elementor-element elementor-element-b1c8a4d e-transform elementor-widget elementor-widget-image\" data-id=\"b1c8a4d\" data-element_type=\"widget\" data-e-type=\"widget\" data-settings=\"{&quot;_transform_scale_effect_hover&quot;:{&quot;unit&quot;:&quot;px&quot;,&quot;size&quot;:1.1,&quot;sizes&quot;:[]},&quot;_transform_scale_effect_hover_tablet&quot;:{&quot;unit&quot;:&quot;px&quot;,&quot;size&quot;:&quot;&quot;,&quot;sizes&quot;:[]},&quot;_transform_scale_effect_hover_mobile&quot;:{&quot;unit&quot;:&quot;px&quot;,&quot;size&quot;:&quot;&quot;,&quot;sizes&quot;:[]}}\" data-widget_type=\"image.default\">\n\t\t\t\t<div class=\"elementor-widget-container\">\n\t\t\t\t\t\t\t\t\t\t\t\t\t\t\t\t<a href=\"https:\/\/www.fedevaco.ch\/\" target=\"_blank\">\n\t\t\t\t\t\t\t<img decoding=\"async\" src=\"https:\/\/federeso.ch\/wp-content\/uploads\/elementor\/thumbs\/FEDEVACO-qcfz9vk3iwk8mw702kjz1bpv78xtuwjjgkm7lr7wn4.png\" title=\"FEDEVACO\" alt=\"FEDEVACO\" loading=\"lazy\" \/>\t\t\t\t\t\t\t\t<\/a>\n\t\t\t\t\t\t\t\t\t\t\t\t\t\t\t<\/div>\n\t\t\t\t<\/div>\n\t\t\t\t\t<\/div>\n\t\t<\/div>\n\t\t\t\t<div class=\"elementor-column elementor-col-50 elementor-top-column elementor-element elementor-element-8758d37\" data-id=\"8758d37\" data-element_type=\"column\" data-e-type=\"column\">\n\t\t\t<div class=\"elementor-widget-wrap elementor-element-populated\">\n\t\t\t\t\t\t<div class=\"elementor-element elementor-element-f805f65 elementor-widget elementor-widget-text-editor\" data-id=\"f805f65\" data-element_type=\"widget\" data-e-type=\"widget\" data-widget_type=\"text-editor.default\">\n\t\t\t\t<div class=\"elementor-widget-container\">\n\t\t\t\t\t\t\t\t\t<p>La Fedevaco riunisce 51 organizzazioni del cantone Vaud e cofinanzia circa una settantina di progetti all&#8217;anno. Promuove la condivisione delle conoscenze all&#8217;interno della sua rete, svolge attivit\u00e0 di advocacy e di sensibilizzazione e promuove il ruolo delle diaspore nello sviluppo.<\/p>\t\t\t\t\t\t\t\t<\/div>\n\t\t\t\t<\/div>\n\t\t\t\t\t<\/div>\n\t\t<\/div>\n\t\t\t\t\t<\/div>\n\t\t<\/section>\n\t\t\t\t<section class=\"elementor-section elementor-top-section elementor-element elementor-element-b28e6f6 elementor-section-content-bottom elementor-section-boxed elementor-section-height-default elementor-section-height-default\" data-id=\"b28e6f6\" data-element_type=\"section\" data-e-type=\"section\">\n\t\t\t\t\t\t<div class=\"elementor-container elementor-column-gap-default\">\n\t\t\t\t\t<div class=\"elementor-column elementor-col-50 elementor-top-column elementor-element elementor-element-34c2210a\" data-id=\"34c2210a\" data-element_type=\"column\" data-e-type=\"column\">\n\t\t\t<div class=\"elementor-widget-wrap elementor-element-populated\">\n\t\t\t\t\t\t<div class=\"elementor-element elementor-element-308bc1e4 e-transform elementor-widget elementor-widget-image\" data-id=\"308bc1e4\" data-element_type=\"widget\" data-e-type=\"widget\" data-settings=\"{&quot;_transform_scale_effect_hover&quot;:{&quot;unit&quot;:&quot;px&quot;,&quot;size&quot;:1.1,&quot;sizes&quot;:[]},&quot;_transform_scale_effect_hover_tablet&quot;:{&quot;unit&quot;:&quot;px&quot;,&quot;size&quot;:&quot;&quot;,&quot;sizes&quot;:[]},&quot;_transform_scale_effect_hover_mobile&quot;:{&quot;unit&quot;:&quot;px&quot;,&quot;size&quot;:&quot;&quot;,&quot;sizes&quot;:[]}}\" data-widget_type=\"image.default\">\n\t\t\t\t<div class=\"elementor-widget-container\">\n\t\t\t\t\t\t\t\t\t\t\t\t\t\t\t\t<a href=\"https:\/\/valaissolidaire.ch\/\" target=\"_blank\">\n\t\t\t\t\t\t\t<img decoding=\"async\" src=\"https:\/\/federeso.ch\/wp-content\/uploads\/elementor\/thumbs\/Logo-2-2048x708-2-qgetzh20wvz4eti6jbdeshx2thadu3yxilleqlux34.png\" title=\"Logo-2-2048&#215;708\" alt=\"Logo-2-2048x708\" loading=\"lazy\" \/>\t\t\t\t\t\t\t\t<\/a>\n\t\t\t\t\t\t\t\t\t\t\t\t\t\t\t<\/div>\n\t\t\t\t<\/div>\n\t\t\t\t\t<\/div>\n\t\t<\/div>\n\t\t\t\t<div class=\"elementor-column elementor-col-50 elementor-top-column elementor-element elementor-element-bcb1d62\" data-id=\"bcb1d62\" data-element_type=\"column\" data-e-type=\"column\">\n\t\t\t<div class=\"elementor-widget-wrap elementor-element-populated\">\n\t\t\t\t\t\t<div class=\"elementor-element elementor-element-1f89293 elementor-widget elementor-widget-text-editor\" data-id=\"1f89293\" data-element_type=\"widget\" data-e-type=\"widget\" data-widget_type=\"text-editor.default\">\n\t\t\t\t<div class=\"elementor-widget-container\">\n\t\t\t\t\t\t\t\t\t<p>Valais Solidaire \u00e8 la federazione vallesana di cooperazione allo sviluppo. Riunisce quasi quaranta organizzazioni vallesane attive nella cooperazione allo sviluppo o nella sensibilizzazione Nord-Sud. Valais Solidaire sostiene i loro progetti nei paesi del Sud e rafforza le loro competenze.\u00a0<\/p>\t\t\t\t\t\t\t\t<\/div>\n\t\t\t\t<\/div>\n\t\t\t\t\t<\/div>\n\t\t<\/div>\n\t\t\t\t\t<\/div>\n\t\t<\/section>\n\t\t\t\t<\/div>\n\t\t","protected":false},"excerpt":{"rendered":"<p>Federazioni cantonali membri di FEDERESO Berna &#8211; Svizzera \/ \u00a9 Servizi del Parlamento \/ Rob Lewis Nella Svizzera latina, ogni cantone ha una federazione cantonale per la cooperazione internazionale. L&#8217;obiettivo comune di queste federazioni \u00e8 promuovere la qualit\u00e0 della cooperazione internazionale in Svizzera e nei Paesi di intervento del Sud e dell&#8217;Est. Esse fungono da [&hellip;]<\/p>\n","protected":false},"author":1,"featured_media":0,"parent":0,"menu_order":0,"comment_status":"closed","ping_status":"closed","template":"","meta":{"ocean_post_layout":"","ocean_both_sidebars_style":"","ocean_both_sidebars_content_width":0,"ocean_both_sidebars_sidebars_width":0,"ocean_sidebar":"0","ocean_second_sidebar":"0","ocean_disable_margins":"on","ocean_add_body_class":"","ocean_shortcode_before_top_bar":"","ocean_shortcode_after_top_bar":"","ocean_shortcode_before_header":"","ocean_shortcode_after_header":"","ocean_has_shortcode":"","ocean_shortcode_after_title":"","ocean_shortcode_before_footer_widgets":"","ocean_shortcode_after_footer_widgets":"","ocean_shortcode_before_footer_bottom":"","ocean_shortcode_after_footer_bottom":"","ocean_display_top_bar":"default","ocean_display_header":"default","ocean_header_style":"","ocean_center_header_left_menu":"0","ocean_custom_header_template":"0","ocean_custom_logo":0,"ocean_custom_retina_logo":0,"ocean_custom_logo_max_width":0,"ocean_custom_logo_tablet_max_width":0,"ocean_custom_logo_mobile_max_width":0,"ocean_custom_logo_max_height":0,"ocean_custom_logo_tablet_max_height":0,"ocean_custom_logo_mobile_max_height":0,"ocean_header_custom_menu":"0","ocean_menu_typo_font_family":"0","ocean_menu_typo_font_subset":"","ocean_menu_typo_font_size":0,"ocean_menu_typo_font_size_tablet":0,"ocean_menu_typo_font_size_mobile":0,"ocean_menu_typo_font_size_unit":"px","ocean_menu_typo_font_weight":"","ocean_menu_typo_font_weight_tablet":"","ocean_menu_typo_font_weight_mobile":"","ocean_menu_typo_transform":"","ocean_menu_typo_transform_tablet":"","ocean_menu_typo_transform_mobile":"","ocean_menu_typo_line_height":0,"ocean_menu_typo_line_height_tablet":0,"ocean_menu_typo_line_height_mobile":0,"ocean_menu_typo_line_height_unit":"","ocean_menu_typo_spacing":0,"ocean_menu_typo_spacing_tablet":0,"ocean_menu_typo_spacing_mobile":0,"ocean_menu_typo_spacing_unit":"","ocean_menu_link_color":"","ocean_menu_link_color_hover":"","ocean_menu_link_color_active":"","ocean_menu_link_background":"","ocean_menu_link_hover_background":"","ocean_menu_link_active_background":"","ocean_menu_social_links_bg":"","ocean_menu_social_hover_links_bg":"","ocean_menu_social_links_color":"","ocean_menu_social_hover_links_color":"","ocean_disable_title":"default","ocean_disable_heading":"default","ocean_post_title":"","ocean_post_subheading":"","ocean_post_title_style":"","ocean_post_title_background_color":"","ocean_post_title_background":0,"ocean_post_title_bg_image_position":"","ocean_post_title_bg_image_attachment":"","ocean_post_title_bg_image_repeat":"","ocean_post_title_bg_image_size":"","ocean_post_title_height":0,"ocean_post_title_bg_overlay":0.5,"ocean_post_title_bg_overlay_color":"","ocean_disable_breadcrumbs":"default","ocean_breadcrumbs_color":"","ocean_breadcrumbs_separator_color":"","ocean_breadcrumbs_links_color":"","ocean_breadcrumbs_links_hover_color":"","ocean_display_footer_widgets":"default","ocean_display_footer_bottom":"default","ocean_custom_footer_template":"0","osh_disable_topbar_sticky":"default","osh_disable_header_sticky":"default","osh_sticky_header_style":"default","osh_sticky_header_effect":"","osh_custom_sticky_logo":0,"osh_custom_retina_sticky_logo":0,"osh_custom_sticky_logo_height":0,"osh_background_color":"","osh_links_color":"","osh_links_hover_color":"","osh_links_active_color":"","osh_links_bg_color":"","osh_links_hover_bg_color":"","osh_links_active_bg_color":"","osh_menu_social_links_color":"","osh_menu_social_hover_links_color":"","footnotes":""},"class_list":["post-1357","page","type-page","status-publish","hentry","entry"],"yoast_head":"<!-- This site is optimized with the Yoast SEO plugin v27.4 - https:\/\/yoast.com\/product\/yoast-seo-wordpress\/ -->\n<title>Membri - FEDERESO - R\u00e9seau des f\u00e9d\u00e9rations cantonales de coop\u00e9ration internationale<\/title>\n<meta name=\"robots\" content=\"index, follow, max-snippet:-1, max-image-preview:large, max-video-preview:-1\" \/>\n<link rel=\"canonical\" href=\"https:\/\/federeso.ch\/it\/membri\/\" \/>\n<meta property=\"og:locale\" content=\"it_IT\" \/>\n<meta property=\"og:type\" content=\"article\" \/>\n<meta property=\"og:title\" content=\"Membri - FEDERESO - R\u00e9seau des f\u00e9d\u00e9rations cantonales de coop\u00e9ration internationale\" \/>\n<meta property=\"og:description\" content=\"Federazioni cantonali membri di FEDERESO Berna &#8211; Svizzera \/ \u00a9 Servizi del Parlamento \/ Rob Lewis Nella Svizzera latina, ogni cantone ha una federazione cantonale per la cooperazione internazionale. L&#8217;obiettivo comune di queste federazioni \u00e8 promuovere la qualit\u00e0 della cooperazione internazionale in Svizzera e nei Paesi di intervento del Sud e dell&#8217;Est. Esse fungono da [&hellip;]\" \/>\n<meta property=\"og:url\" content=\"https:\/\/federeso.ch\/it\/membri\/\" \/>\n<meta property=\"og:site_name\" content=\"FEDERESO - R\u00e9seau des f\u00e9d\u00e9rations cantonales de coop\u00e9ration internationale\" \/>\n<meta property=\"article:modified_time\" content=\"2025-10-22T07:06:52+00:00\" \/>\n<meta property=\"og:image\" content=\"https:\/\/federeso.ch\/wp-content\/uploads\/elementor\/thumbs\/logo_FOSIT-1-scaled-qht0s39h5r5houkinpjdh7qyiinfv7l9bk8yl5k1z4.jpg\" \/>\n<meta name=\"twitter:card\" content=\"summary_large_image\" \/>\n<meta name=\"twitter:label1\" content=\"Tempo di lettura stimato\" \/>\n\t<meta name=\"twitter:data1\" content=\"4 minuti\" \/>\n<script type=\"application\/ld+json\" class=\"yoast-schema-graph\">{\"@context\":\"https:\\\/\\\/schema.org\",\"@graph\":[{\"@type\":\"WebPage\",\"@id\":\"https:\\\/\\\/federeso.ch\\\/it\\\/membri\\\/\",\"url\":\"https:\\\/\\\/federeso.ch\\\/it\\\/membri\\\/\",\"name\":\"Membri - FEDERESO - R\u00e9seau des f\u00e9d\u00e9rations cantonales de coop\u00e9ration internationale\",\"isPartOf\":{\"@id\":\"https:\\\/\\\/federeso.ch\\\/it\\\/#website\"},\"primaryImageOfPage\":{\"@id\":\"https:\\\/\\\/federeso.ch\\\/it\\\/membri\\\/#primaryimage\"},\"image\":{\"@id\":\"https:\\\/\\\/federeso.ch\\\/it\\\/membri\\\/#primaryimage\"},\"thumbnailUrl\":\"https:\\\/\\\/federeso.ch\\\/wp-content\\\/uploads\\\/elementor\\\/thumbs\\\/logo_FOSIT-1-scaled-qht0s39h5r5houkinpjdh7qyiinfv7l9bk8yl5k1z4.jpg\",\"datePublished\":\"2022-11-29T10:36:50+00:00\",\"dateModified\":\"2025-10-22T07:06:52+00:00\",\"breadcrumb\":{\"@id\":\"https:\\\/\\\/federeso.ch\\\/it\\\/membri\\\/#breadcrumb\"},\"inLanguage\":\"it-IT\",\"potentialAction\":[{\"@type\":\"ReadAction\",\"target\":[\"https:\\\/\\\/federeso.ch\\\/it\\\/membri\\\/\"]}]},{\"@type\":\"ImageObject\",\"inLanguage\":\"it-IT\",\"@id\":\"https:\\\/\\\/federeso.ch\\\/it\\\/membri\\\/#primaryimage\",\"url\":\"https:\\\/\\\/federeso.ch\\\/wp-content\\\/uploads\\\/elementor\\\/thumbs\\\/logo_FOSIT-1-scaled-qht0s39h5r5houkinpjdh7qyiinfv7l9bk8yl5k1z4.jpg\",\"contentUrl\":\"https:\\\/\\\/federeso.ch\\\/wp-content\\\/uploads\\\/elementor\\\/thumbs\\\/logo_FOSIT-1-scaled-qht0s39h5r5houkinpjdh7qyiinfv7l9bk8yl5k1z4.jpg\"},{\"@type\":\"BreadcrumbList\",\"@id\":\"https:\\\/\\\/federeso.ch\\\/it\\\/membri\\\/#breadcrumb\",\"itemListElement\":[{\"@type\":\"ListItem\",\"position\":1,\"name\":\"Accueil\",\"item\":\"https:\\\/\\\/federeso.ch\\\/it\\\/\"},{\"@type\":\"ListItem\",\"position\":2,\"name\":\"Membri\"}]},{\"@type\":\"WebSite\",\"@id\":\"https:\\\/\\\/federeso.ch\\\/it\\\/#website\",\"url\":\"https:\\\/\\\/federeso.ch\\\/it\\\/\",\"name\":\"FEDERESO - R\u00e9seau des f\u00e9d\u00e9rations cantonales de coop\u00e9ration internationale\",\"description\":\"\",\"publisher\":{\"@id\":\"https:\\\/\\\/federeso.ch\\\/it\\\/#organization\"},\"potentialAction\":[{\"@type\":\"SearchAction\",\"target\":{\"@type\":\"EntryPoint\",\"urlTemplate\":\"https:\\\/\\\/federeso.ch\\\/it\\\/?s={search_term_string}\"},\"query-input\":{\"@type\":\"PropertyValueSpecification\",\"valueRequired\":true,\"valueName\":\"search_term_string\"}}],\"inLanguage\":\"it-IT\"},{\"@type\":\"Organization\",\"@id\":\"https:\\\/\\\/federeso.ch\\\/it\\\/#organization\",\"name\":\"F\u00e9d\u00e9rations cantonales de coop\u00e9ration internationale\",\"url\":\"https:\\\/\\\/federeso.ch\\\/it\\\/\",\"logo\":{\"@type\":\"ImageObject\",\"inLanguage\":\"it-IT\",\"@id\":\"https:\\\/\\\/federeso.ch\\\/it\\\/#\\\/schema\\\/logo\\\/image\\\/\",\"url\":\"https:\\\/\\\/federeso.ch\\\/wp-content\\\/uploads\\\/2023\\\/04\\\/FEDERESO_Texte.png\",\"contentUrl\":\"https:\\\/\\\/federeso.ch\\\/wp-content\\\/uploads\\\/2023\\\/04\\\/FEDERESO_Texte.png\",\"width\":6735,\"height\":2976,\"caption\":\"F\u00e9d\u00e9rations cantonales de coop\u00e9ration internationale\"},\"image\":{\"@id\":\"https:\\\/\\\/federeso.ch\\\/it\\\/#\\\/schema\\\/logo\\\/image\\\/\"}}]}<\/script>\n<!-- \/ Yoast SEO plugin. -->","yoast_head_json":{"title":"Membri - FEDERESO - R\u00e9seau des f\u00e9d\u00e9rations cantonales de coop\u00e9ration internationale","robots":{"index":"index","follow":"follow","max-snippet":"max-snippet:-1","max-image-preview":"max-image-preview:large","max-video-preview":"max-video-preview:-1"},"canonical":"https:\/\/federeso.ch\/it\/membri\/","og_locale":"it_IT","og_type":"article","og_title":"Membri - FEDERESO - R\u00e9seau des f\u00e9d\u00e9rations cantonales de coop\u00e9ration internationale","og_description":"Federazioni cantonali membri di FEDERESO Berna &#8211; Svizzera \/ \u00a9 Servizi del Parlamento \/ Rob Lewis Nella Svizzera latina, ogni cantone ha una federazione cantonale per la cooperazione internazionale. L&#8217;obiettivo comune di queste federazioni \u00e8 promuovere la qualit\u00e0 della cooperazione internazionale in Svizzera e nei Paesi di intervento del Sud e dell&#8217;Est. Esse fungono da [&hellip;]","og_url":"https:\/\/federeso.ch\/it\/membri\/","og_site_name":"FEDERESO - R\u00e9seau des f\u00e9d\u00e9rations cantonales de coop\u00e9ration internationale","article_modified_time":"2025-10-22T07:06:52+00:00","og_image":[{"url":"https:\/\/federeso.ch\/wp-content\/uploads\/elementor\/thumbs\/logo_FOSIT-1-scaled-qht0s39h5r5houkinpjdh7qyiinfv7l9bk8yl5k1z4.jpg","type":"","width":"","height":""}],"twitter_card":"summary_large_image","twitter_misc":{"Tempo di lettura stimato":"4 minuti"},"schema":{"@context":"https:\/\/schema.org","@graph":[{"@type":"WebPage","@id":"https:\/\/federeso.ch\/it\/membri\/","url":"https:\/\/federeso.ch\/it\/membri\/","name":"Membri - FEDERESO - R\u00e9seau des f\u00e9d\u00e9rations cantonales de coop\u00e9ration internationale","isPartOf":{"@id":"https:\/\/federeso.ch\/it\/#website"},"primaryImageOfPage":{"@id":"https:\/\/federeso.ch\/it\/membri\/#primaryimage"},"image":{"@id":"https:\/\/federeso.ch\/it\/membri\/#primaryimage"},"thumbnailUrl":"https:\/\/federeso.ch\/wp-content\/uploads\/elementor\/thumbs\/logo_FOSIT-1-scaled-qht0s39h5r5houkinpjdh7qyiinfv7l9bk8yl5k1z4.jpg","datePublished":"2022-11-29T10:36:50+00:00","dateModified":"2025-10-22T07:06:52+00:00","breadcrumb":{"@id":"https:\/\/federeso.ch\/it\/membri\/#breadcrumb"},"inLanguage":"it-IT","potentialAction":[{"@type":"ReadAction","target":["https:\/\/federeso.ch\/it\/membri\/"]}]},{"@type":"ImageObject","inLanguage":"it-IT","@id":"https:\/\/federeso.ch\/it\/membri\/#primaryimage","url":"https:\/\/federeso.ch\/wp-content\/uploads\/elementor\/thumbs\/logo_FOSIT-1-scaled-qht0s39h5r5houkinpjdh7qyiinfv7l9bk8yl5k1z4.jpg","contentUrl":"https:\/\/federeso.ch\/wp-content\/uploads\/elementor\/thumbs\/logo_FOSIT-1-scaled-qht0s39h5r5houkinpjdh7qyiinfv7l9bk8yl5k1z4.jpg"},{"@type":"BreadcrumbList","@id":"https:\/\/federeso.ch\/it\/membri\/#breadcrumb","itemListElement":[{"@type":"ListItem","position":1,"name":"Accueil","item":"https:\/\/federeso.ch\/it\/"},{"@type":"ListItem","position":2,"name":"Membri"}]},{"@type":"WebSite","@id":"https:\/\/federeso.ch\/it\/#website","url":"https:\/\/federeso.ch\/it\/","name":"FEDERESO - R\u00e9seau des f\u00e9d\u00e9rations cantonales de coop\u00e9ration internationale","description":"","publisher":{"@id":"https:\/\/federeso.ch\/it\/#organization"},"potentialAction":[{"@type":"SearchAction","target":{"@type":"EntryPoint","urlTemplate":"https:\/\/federeso.ch\/it\/?s={search_term_string}"},"query-input":{"@type":"PropertyValueSpecification","valueRequired":true,"valueName":"search_term_string"}}],"inLanguage":"it-IT"},{"@type":"Organization","@id":"https:\/\/federeso.ch\/it\/#organization","name":"F\u00e9d\u00e9rations cantonales de coop\u00e9ration internationale","url":"https:\/\/federeso.ch\/it\/","logo":{"@type":"ImageObject","inLanguage":"it-IT","@id":"https:\/\/federeso.ch\/it\/#\/schema\/logo\/image\/","url":"https:\/\/federeso.ch\/wp-content\/uploads\/2023\/04\/FEDERESO_Texte.png","contentUrl":"https:\/\/federeso.ch\/wp-content\/uploads\/2023\/04\/FEDERESO_Texte.png","width":6735,"height":2976,"caption":"F\u00e9d\u00e9rations cantonales de coop\u00e9ration internationale"},"image":{"@id":"https:\/\/federeso.ch\/it\/#\/schema\/logo\/image\/"}}]}},"_links":{"self":[{"href":"https:\/\/federeso.ch\/it\/wp-json\/wp\/v2\/pages\/1357","targetHints":{"allow":["GET"]}}],"collection":[{"href":"https:\/\/federeso.ch\/it\/wp-json\/wp\/v2\/pages"}],"about":[{"href":"https:\/\/federeso.ch\/it\/wp-json\/wp\/v2\/types\/page"}],"author":[{"embeddable":true,"href":"https:\/\/federeso.ch\/it\/wp-json\/wp\/v2\/users\/1"}],"replies":[{"embeddable":true,"href":"https:\/\/federeso.ch\/it\/wp-json\/wp\/v2\/comments?post=1357"}],"version-history":[{"count":81,"href":"https:\/\/federeso.ch\/it\/wp-json\/wp\/v2\/pages\/1357\/revisions"}],"predecessor-version":[{"id":3363,"href":"https:\/\/federeso.ch\/it\/wp-json\/wp\/v2\/pages\/1357\/revisions\/3363"}],"wp:attachment":[{"href":"https:\/\/federeso.ch\/it\/wp-json\/wp\/v2\/media?parent=1357"}],"curies":[{"name":"wp","href":"https:\/\/api.w.org\/{rel}","templated":true}]}}